{"id":188,"date":"2024-09-11T16:24:51","date_gmt":"2024-09-11T16:24:51","guid":{"rendered":"https:\/\/bconexlatam.com\/?page_id=188"},"modified":"2025-05-20T13:45:11","modified_gmt":"2025-05-20T16:45:11","slug":"derecho-laboral-y-migratorio","status":"publish","type":"page","link":"https:\/\/bconexlatam.com\/pt\/areas-de-practica\/derecho-laboral-y-migratorio\/","title":{"rendered":"Direito trabalhista e de migra\u00e7\u00e3o"},"content":{"rendered":"<div data-elementor-type=\"wp-page\" data-elementor-id=\"188\" class=\"elementor elementor-188\" data-elementor-post-type=\"page\">\n\t\t\t\t<div class=\"elementor-element elementor-element-92ce044 e-flex e-con-boxed e-con e-parent\" data-id=\"92ce044\" data-element_type=\"container\" data-e-type=\"container\" data-settings=\"{&quot;background_background&quot;:&quot;classic&quot;}\">\n\t\t\t\t\t<div class=\"e-con-inner\">\n\t\t<div class=\"elementor-element elementor-element-0866b6e e-con-full e-flex e-con e-child\" data-id=\"0866b6e\" data-element_type=\"container\" data-e-type=\"container\">\n\t\t\t\t<div class=\"elementor-element elementor-element-d904e08 elementor-widget elementor-widget-heading\" data-id=\"d904e08\" data-element_type=\"widget\" data-e-type=\"widget\" data-widget_type=\"heading.default\">\n\t\t\t\t<div class=\"elementor-widget-container\">\n\t\t\t\t\t<h1 class=\"elementor-heading-title elementor-size-default\">Lei de Migra\u00e7\u00e3o \/ Reloca\u00e7\u00e3o <\/h1>\t\t\t\t<\/div>\n\t\t\t\t<\/div>\n\t\t\t\t<\/div>\n\t\t<div class=\"elementor-element elementor-element-ed5e507 e-con-full e-flex e-con e-child\" data-id=\"ed5e507\" data-element_type=\"container\" data-e-type=\"container\" data-settings=\"{&quot;background_background&quot;:&quot;classic&quot;}\">\n\t\t\t\t<div class=\"elementor-element elementor-element-9381eb4 elementor-widget elementor-widget-text-editor\" data-id=\"9381eb4\" data-element_type=\"widget\" data-e-type=\"widget\" data-widget_type=\"text-editor.default\">\n\t\t\t\t<div class=\"elementor-widget-container\">\n\t\t\t\t\t\t\t\t\t<p>Proporcionamos tranquilidade aos funcion\u00e1rios e empregadores ao garantir o status de imigra\u00e7\u00e3o legal, permitindo que voc\u00ea transfira talentos internacionalmente de forma eficiente e segura.<\/p>\t\t\t\t\t\t\t\t<\/div>\n\t\t\t\t<\/div>\n\t\t\t\t<\/div>\n\t\t\t\t\t<\/div>\n\t\t\t\t<\/div>\n\t\t<div class=\"elementor-element elementor-element-9b164fb e-flex e-con-boxed e-con e-parent\" data-id=\"9b164fb\" data-element_type=\"container\" data-e-type=\"container\" data-settings=\"{&quot;background_background&quot;:&quot;classic&quot;}\">\n\t\t\t\t\t<div class=\"e-con-inner\">\n\t\t<div class=\"elementor-element elementor-element-d0f1f76 e-con-full e-flex e-con e-child\" data-id=\"d0f1f76\" data-element_type=\"container\" data-e-type=\"container\">\n\t\t\t\t<div class=\"elementor-element elementor-element-4cfd6c0 elementor-widget elementor-widget-heading\" data-id=\"4cfd6c0\" data-element_type=\"widget\" data-e-type=\"widget\" data-widget_type=\"heading.default\">\n\t\t\t\t<div class=\"elementor-widget-container\">\n\t\t\t\t\t<h3 class=\"elementor-heading-title elementor-size-default\">1. assist\u00eancia abrangente nos processos de realoca\u00e7\u00e3o<\/h3>\t\t\t\t<\/div>\n\t\t\t\t<\/div>\n\t\t\t\t<div class=\"elementor-element elementor-element-8601ac3 elementor-widget elementor-widget-text-editor\" data-id=\"8601ac3\" data-element_type=\"widget\" data-e-type=\"widget\" data-widget_type=\"text-editor.default\">\n\t\t\t\t<div class=\"elementor-widget-container\">\n\t\t\t\t\t\t\t\t\t<p>- Oferecemos um servi\u00e7o abrangente para a obten\u00e7\u00e3o de vistos e autoriza\u00e7\u00f5es de trabalho para funcion\u00e1rios estrangeiros em v\u00e1rias jurisdi\u00e7\u00f5es, facilitando a mobilidade global de talentos em empresas multinacionais.<\/p><p>- Oferecemos consultoria especializada para funcion\u00e1rios e executivos estrangeiros que desejam se estabelecer permanentemente, garantindo a conformidade com todas as regulamenta\u00e7\u00f5es locais e internacionais.<\/p><p>- Fornecemos consultoria cont\u00ednua para garantir que as empresas cumpram todas as leis e regulamenta\u00e7\u00f5es de imigra\u00e7\u00e3o em cada pa\u00eds em que operam, minimizando o risco de san\u00e7\u00f5es e garantindo uma conformidade consistente em n\u00edvel global.<\/p>\t\t\t\t\t\t\t\t<\/div>\n\t\t\t\t<\/div>\n\t\t\t\t<\/div>\n\t\t<div class=\"elementor-element elementor-element-2af201c e-con-full e-flex e-con e-child\" data-id=\"2af201c\" data-element_type=\"container\" data-e-type=\"container\">\n\t\t\t\t<div class=\"elementor-element elementor-element-684b878 elementor-widget elementor-widget-heading\" data-id=\"684b878\" data-element_type=\"widget\" data-e-type=\"widget\" data-widget_type=\"heading.default\">\n\t\t\t\t<div class=\"elementor-widget-container\">\n\t\t\t\t\t<h3 class=\"elementor-heading-title elementor-size-default\">2. Assist\u00eancia nos processos de mobilidade global e realoca\u00e7\u00e3o<\/h3>\t\t\t\t<\/div>\n\t\t\t\t<\/div>\n\t\t\t\t<div class=\"elementor-element elementor-element-1d894cb elementor-widget elementor-widget-text-editor\" data-id=\"1d894cb\" data-element_type=\"widget\" data-e-type=\"widget\" data-widget_type=\"text-editor.default\">\n\t\t\t\t<div class=\"elementor-widget-container\">\n\t\t\t\t\t\t\t\t\t<p>- Realoca\u00e7\u00f5es tempor\u00e1rias: coordenamos realoca\u00e7\u00f5es tempor\u00e1rias para projetos espec\u00edficos, garantindo que todas as necessidades legais e log\u00edsticas sejam atendidas.<\/p><p>- N\u00f4mades digitais: prestamos consultoria sobre pr\u00e1ticas recomendadas e requisitos legais para funcion\u00e1rios que trabalham remotamente em diferentes localidades internacionais.<\/p><p>- Realoca\u00e7\u00e3o de multinacionais: oferecemos uma abordagem centralizada para a realoca\u00e7\u00e3o de funcion\u00e1rios importantes para novos escrit\u00f3rios internacionais, facilitando uma transi\u00e7\u00e3o tranquila e cumprindo todas as regulamenta\u00e7\u00f5es locais.<\/p>\t\t\t\t\t\t\t\t<\/div>\n\t\t\t\t<\/div>\n\t\t\t\t<\/div>\n\t\t\t\t\t<\/div>\n\t\t\t\t<\/div>\n\t\t\t\t<\/div>","protected":false},"excerpt":{"rendered":"<p>Derecho migratorio \/ Relocalizaci\u00f3n Brindamos tranquilidad para empleados y empleadores al asegurar el estatus migratorio legal, permitiendo mover talento internacionalmente [&hellip;]<\/p>\n","protected":false},"author":3,"featured_media":349,"parent":171,"menu_order":0,"comment_status":"closed","ping_status":"closed","template":"","meta":{"inline_featured_image":false,"site-sidebar-layout":"no-sidebar","site-content-layout":"","ast-site-content-layout":"full-width-container","site-content-style":"default","site-sidebar-style":"default","ast-global-header-display":"","ast-banner-title-visibility":"","ast-main-header-display":"","ast-hfb-above-header-display":"","ast-hfb-below-header-display":"","ast-hfb-mobile-header-display":"","site-post-title":"disabled","ast-breadcrumbs-content":"","ast-featured-img":"disabled","footer-sml-layout":"","ast-disable-related-posts":"","theme-transparent-header-meta":"","adv-header-id-meta":"","stick-header-meta":"","header-above-stick-meta":"","header-main-stick-meta":"","header-below-stick-meta":"","astra-migrate-meta-layouts":"default","ast-page-background-enabled":"default","ast-page-background-meta":{"desktop":{"background-color":"var(--ast-global-color-4)","background-image":"","background-repeat":"repeat","background-position":"center center","background-size":"auto","background-attachment":"scroll","background-type":"","background-media":"","overlay-type":"","overlay-color":"","overlay-opacity":"","overlay-gradient":""},"tablet":{"background-color":"","background-image":"","background-repeat":"repeat","background-position":"center center","background-size":"auto","background-attachment":"scroll","background-type":"","background-media":"","overlay-type":"","overlay-color":"","overlay-opacity":"","overlay-gradient":""},"mobile":{"background-color":"","background-image":"","background-repeat":"repeat","background-position":"center center","background-size":"auto","background-attachment":"scroll","background-type":"","background-media":"","overlay-type":"","overlay-color":"","overlay-opacity":"","overlay-gradient":""}},"ast-content-background-meta":{"desktop":{"background-color":"var(--ast-global-color-5)","background-image":"","background-repeat":"repeat","background-position":"center center","background-size":"auto","background-attachment":"scroll","background-type":"","background-media":"","overlay-type":"","overlay-color":"","overlay-opacity":"","overlay-gradient":""},"tablet":{"background-color":"var(--ast-global-color-5)","background-image":"","background-repeat":"repeat","background-position":"center center","background-size":"auto","background-attachment":"scroll","background-type":"","background-media":"","overlay-type":"","overlay-color":"","overlay-opacity":"","overlay-gradient":""},"mobile":{"background-color":"var(--ast-global-color-5)","background-image":"","background-repeat":"repeat","background-position":"center center","background-size":"auto","background-attachment":"scroll","background-type":"","background-media":"","overlay-type":"","overlay-color":"","overlay-opacity":"","overlay-gradient":""}},"footnotes":""},"class_list":["post-188","page","type-page","status-publish","has-post-thumbnail","hentry"],"yoast_head":"<!-- This site is optimized with the Yoast SEO plugin v27.5 - https:\/\/yoast.com\/product\/yoast-seo-wordpress\/ -->\n<title>Derecho Laboral y Migratorio - B-Conex Latam<\/title>\n<meta name=\"description\" content=\"B-Conex Latam - Gesti\u00f3n legal integral para Am\u00e9rica Latina - Consulte sobre derecho laboral y migratorio - Experiencia local y visi\u00f3n global\" \/>\n<meta name=\"robots\" content=\"index, follow, max-snippet:-1, max-image-preview:large, max-video-preview:-1\" \/>\n<link rel=\"canonical\" href=\"https:\/\/bconexlatam.com\/pt\/areas-de-practica\/derecho-laboral-y-migratorio\/\" \/>\n<meta property=\"og:locale\" content=\"pt_BR\" \/>\n<meta property=\"og:type\" content=\"article\" \/>\n<meta property=\"og:title\" content=\"Derecho Laboral y Migratorio - B-Conex Latam\" \/>\n<meta property=\"og:description\" content=\"B-Conex Latam - Gesti\u00f3n legal integral para Am\u00e9rica Latina - Consulte sobre derecho laboral y migratorio - Experiencia local y visi\u00f3n global\" \/>\n<meta property=\"og:url\" content=\"https:\/\/bconexlatam.com\/pt\/areas-de-practica\/derecho-laboral-y-migratorio\/\" \/>\n<meta property=\"og:site_name\" content=\"B-Conex Latam\" \/>\n<meta property=\"article:modified_time\" content=\"2025-05-20T16:45:11+00:00\" \/>\n<meta property=\"og:image\" content=\"https:\/\/bconexlatam.com\/wp-content\/uploads\/2024\/11\/BCONEX_Diseno-web_Areas_5.webp\" \/>\n\t<meta property=\"og:image:width\" content=\"1201\" \/>\n\t<meta property=\"og:image:height\" content=\"628\" \/>\n\t<meta property=\"og:image:type\" content=\"image\/webp\" \/>\n<meta name=\"twitter:card\" content=\"summary_large_image\" \/>\n<meta name=\"twitter:label1\" content=\"Est. tempo de leitura\" \/>\n\t<meta name=\"twitter:data1\" content=\"2 minutos\" \/>\n<script type=\"application\/ld+json\" class=\"yoast-schema-graph\">{\"@context\":\"https:\\\/\\\/schema.org\",\"@graph\":[{\"@type\":\"WebPage\",\"@id\":\"https:\\\/\\\/bconexlatam.com\\\/areas-de-practica\\\/derecho-laboral-y-migratorio\\\/\",\"url\":\"https:\\\/\\\/bconexlatam.com\\\/areas-de-practica\\\/derecho-laboral-y-migratorio\\\/\",\"name\":\"Derecho Laboral y Migratorio - B-Conex Latam\",\"isPartOf\":{\"@id\":\"https:\\\/\\\/bconexlatam.com\\\/#website\"},\"primaryImageOfPage\":{\"@id\":\"https:\\\/\\\/bconexlatam.com\\\/areas-de-practica\\\/derecho-laboral-y-migratorio\\\/#primaryimage\"},\"image\":{\"@id\":\"https:\\\/\\\/bconexlatam.com\\\/areas-de-practica\\\/derecho-laboral-y-migratorio\\\/#primaryimage\"},\"thumbnailUrl\":\"https:\\\/\\\/bconexlatam.com\\\/wp-content\\\/uploads\\\/2024\\\/11\\\/BCONEX_Diseno-web_Areas_5.webp\",\"datePublished\":\"2024-09-11T16:24:51+00:00\",\"dateModified\":\"2025-05-20T16:45:11+00:00\",\"description\":\"B-Conex Latam - Gesti\u00f3n legal integral para Am\u00e9rica Latina - Consulte sobre derecho laboral y migratorio - Experiencia local y visi\u00f3n global\",\"breadcrumb\":{\"@id\":\"https:\\\/\\\/bconexlatam.com\\\/areas-de-practica\\\/derecho-laboral-y-migratorio\\\/#breadcrumb\"},\"inLanguage\":\"pt-BR\",\"potentialAction\":[{\"@type\":\"ReadAction\",\"target\":[\"https:\\\/\\\/bconexlatam.com\\\/areas-de-practica\\\/derecho-laboral-y-migratorio\\\/\"]}]},{\"@type\":\"ImageObject\",\"inLanguage\":\"pt-BR\",\"@id\":\"https:\\\/\\\/bconexlatam.com\\\/areas-de-practica\\\/derecho-laboral-y-migratorio\\\/#primaryimage\",\"url\":\"https:\\\/\\\/bconexlatam.com\\\/wp-content\\\/uploads\\\/2024\\\/11\\\/BCONEX_Diseno-web_Areas_5.webp\",\"contentUrl\":\"https:\\\/\\\/bconexlatam.com\\\/wp-content\\\/uploads\\\/2024\\\/11\\\/BCONEX_Diseno-web_Areas_5.webp\",\"width\":1201,\"height\":628},{\"@type\":\"BreadcrumbList\",\"@id\":\"https:\\\/\\\/bconexlatam.com\\\/areas-de-practica\\\/derecho-laboral-y-migratorio\\\/#breadcrumb\",\"itemListElement\":[{\"@type\":\"ListItem\",\"position\":1,\"name\":\"Inicio\",\"item\":\"https:\\\/\\\/bconexlatam.com\\\/\"},{\"@type\":\"ListItem\",\"position\":2,\"name\":\"\u00c1reas de pr\u00e1ctica\",\"item\":\"https:\\\/\\\/bconexlatam.com\\\/areas-de-practica\\\/\"},{\"@type\":\"ListItem\",\"position\":3,\"name\":\"Derecho Laboral y Migratorio\"}]},{\"@type\":\"WebSite\",\"@id\":\"https:\\\/\\\/bconexlatam.com\\\/#website\",\"url\":\"https:\\\/\\\/bconexlatam.com\\\/\",\"name\":\"B-Conex Latam\",\"description\":\"Gesti\u00f3n legal integral para Am\u00e9rica Latina\",\"publisher\":{\"@id\":\"https:\\\/\\\/bconexlatam.com\\\/#organization\"},\"potentialAction\":[{\"@type\":\"SearchAction\",\"target\":{\"@type\":\"EntryPoint\",\"urlTemplate\":\"https:\\\/\\\/bconexlatam.com\\\/?s={search_term_string}\"},\"query-input\":{\"@type\":\"PropertyValueSpecification\",\"valueRequired\":true,\"valueName\":\"search_term_string\"}}],\"inLanguage\":\"pt-BR\"},{\"@type\":\"Organization\",\"@id\":\"https:\\\/\\\/bconexlatam.com\\\/#organization\",\"name\":\"B-Conex Latam\",\"url\":\"https:\\\/\\\/bconexlatam.com\\\/\",\"logo\":{\"@type\":\"ImageObject\",\"inLanguage\":\"pt-BR\",\"@id\":\"https:\\\/\\\/bconexlatam.com\\\/#\\\/schema\\\/logo\\\/image\\\/\",\"url\":\"https:\\\/\\\/bconexlatam.com\\\/wp-content\\\/uploads\\\/2025\\\/05\\\/logoBLANCObconex-01-1.svg\",\"contentUrl\":\"https:\\\/\\\/bconexlatam.com\\\/wp-content\\\/uploads\\\/2025\\\/05\\\/logoBLANCObconex-01-1.svg\",\"width\":300,\"height\":102,\"caption\":\"B-Conex Latam\"},\"image\":{\"@id\":\"https:\\\/\\\/bconexlatam.com\\\/#\\\/schema\\\/logo\\\/image\\\/\"},\"sameAs\":[\"https:\\\/\\\/www.linkedin.com\\\/company\\\/b-conex\\\/\"]}]}<\/script>\n<!-- \/ Yoast SEO plugin. -->","yoast_head_json":{"title":"Derecho Laboral y Migratorio - B-Conex Latam","description":"B-Conex Latam - Gesti\u00f3n legal integral para Am\u00e9rica Latina - Consulte sobre derecho laboral y migratorio - Experiencia local y visi\u00f3n global","robots":{"index":"index","follow":"follow","max-snippet":"max-snippet:-1","max-image-preview":"max-image-preview:large","max-video-preview":"max-video-preview:-1"},"canonical":"https:\/\/bconexlatam.com\/pt\/areas-de-practica\/derecho-laboral-y-migratorio\/","og_locale":"pt_BR","og_type":"article","og_title":"Derecho Laboral y Migratorio - B-Conex Latam","og_description":"B-Conex Latam - Gesti\u00f3n legal integral para Am\u00e9rica Latina - Consulte sobre derecho laboral y migratorio - Experiencia local y visi\u00f3n global","og_url":"https:\/\/bconexlatam.com\/pt\/areas-de-practica\/derecho-laboral-y-migratorio\/","og_site_name":"B-Conex Latam","article_modified_time":"2025-05-20T16:45:11+00:00","og_image":[{"width":1201,"height":628,"url":"https:\/\/bconexlatam.com\/wp-content\/uploads\/2024\/11\/BCONEX_Diseno-web_Areas_5.webp","type":"image\/webp"}],"twitter_card":"summary_large_image","twitter_misc":{"Est. tempo de leitura":"2 minutos"},"schema":{"@context":"https:\/\/schema.org","@graph":[{"@type":"WebPage","@id":"https:\/\/bconexlatam.com\/areas-de-practica\/derecho-laboral-y-migratorio\/","url":"https:\/\/bconexlatam.com\/areas-de-practica\/derecho-laboral-y-migratorio\/","name":"Derecho Laboral y Migratorio - B-Conex Latam","isPartOf":{"@id":"https:\/\/bconexlatam.com\/#website"},"primaryImageOfPage":{"@id":"https:\/\/bconexlatam.com\/areas-de-practica\/derecho-laboral-y-migratorio\/#primaryimage"},"image":{"@id":"https:\/\/bconexlatam.com\/areas-de-practica\/derecho-laboral-y-migratorio\/#primaryimage"},"thumbnailUrl":"https:\/\/bconexlatam.com\/wp-content\/uploads\/2024\/11\/BCONEX_Diseno-web_Areas_5.webp","datePublished":"2024-09-11T16:24:51+00:00","dateModified":"2025-05-20T16:45:11+00:00","description":"B-Conex Latam - Gesti\u00f3n legal integral para Am\u00e9rica Latina - Consulte sobre derecho laboral y migratorio - Experiencia local y visi\u00f3n global","breadcrumb":{"@id":"https:\/\/bconexlatam.com\/areas-de-practica\/derecho-laboral-y-migratorio\/#breadcrumb"},"inLanguage":"pt-BR","potentialAction":[{"@type":"ReadAction","target":["https:\/\/bconexlatam.com\/areas-de-practica\/derecho-laboral-y-migratorio\/"]}]},{"@type":"ImageObject","inLanguage":"pt-BR","@id":"https:\/\/bconexlatam.com\/areas-de-practica\/derecho-laboral-y-migratorio\/#primaryimage","url":"https:\/\/bconexlatam.com\/wp-content\/uploads\/2024\/11\/BCONEX_Diseno-web_Areas_5.webp","contentUrl":"https:\/\/bconexlatam.com\/wp-content\/uploads\/2024\/11\/BCONEX_Diseno-web_Areas_5.webp","width":1201,"height":628},{"@type":"BreadcrumbList","@id":"https:\/\/bconexlatam.com\/areas-de-practica\/derecho-laboral-y-migratorio\/#breadcrumb","itemListElement":[{"@type":"ListItem","position":1,"name":"Inicio","item":"https:\/\/bconexlatam.com\/"},{"@type":"ListItem","position":2,"name":"\u00c1reas de pr\u00e1ctica","item":"https:\/\/bconexlatam.com\/areas-de-practica\/"},{"@type":"ListItem","position":3,"name":"Derecho Laboral y Migratorio"}]},{"@type":"WebSite","@id":"https:\/\/bconexlatam.com\/#website","url":"https:\/\/bconexlatam.com\/","name":"B-Conex Latam","description":"Gesti\u00f3n legal integral para Am\u00e9rica Latina","publisher":{"@id":"https:\/\/bconexlatam.com\/#organization"},"potentialAction":[{"@type":"SearchAction","target":{"@type":"EntryPoint","urlTemplate":"https:\/\/bconexlatam.com\/?s={search_term_string}"},"query-input":{"@type":"PropertyValueSpecification","valueRequired":true,"valueName":"search_term_string"}}],"inLanguage":"pt-BR"},{"@type":"Organization","@id":"https:\/\/bconexlatam.com\/#organization","name":"B-Conex Latam","url":"https:\/\/bconexlatam.com\/","logo":{"@type":"ImageObject","inLanguage":"pt-BR","@id":"https:\/\/bconexlatam.com\/#\/schema\/logo\/image\/","url":"https:\/\/bconexlatam.com\/wp-content\/uploads\/2025\/05\/logoBLANCObconex-01-1.svg","contentUrl":"https:\/\/bconexlatam.com\/wp-content\/uploads\/2025\/05\/logoBLANCObconex-01-1.svg","width":300,"height":102,"caption":"B-Conex Latam"},"image":{"@id":"https:\/\/bconexlatam.com\/#\/schema\/logo\/image\/"},"sameAs":["https:\/\/www.linkedin.com\/company\/b-conex\/"]}]}},"_links":{"self":[{"href":"https:\/\/bconexlatam.com\/pt\/wp-json\/wp\/v2\/pages\/188","targetHints":{"allow":["GET"]}}],"collection":[{"href":"https:\/\/bconexlatam.com\/pt\/wp-json\/wp\/v2\/pages"}],"about":[{"href":"https:\/\/bconexlatam.com\/pt\/wp-json\/wp\/v2\/types\/page"}],"author":[{"embeddable":true,"href":"https:\/\/bconexlatam.com\/pt\/wp-json\/wp\/v2\/users\/3"}],"replies":[{"embeddable":true,"href":"https:\/\/bconexlatam.com\/pt\/wp-json\/wp\/v2\/comments?post=188"}],"version-history":[{"count":14,"href":"https:\/\/bconexlatam.com\/pt\/wp-json\/wp\/v2\/pages\/188\/revisions"}],"predecessor-version":[{"id":1220,"href":"https:\/\/bconexlatam.com\/pt\/wp-json\/wp\/v2\/pages\/188\/revisions\/1220"}],"up":[{"embeddable":true,"href":"https:\/\/bconexlatam.com\/pt\/wp-json\/wp\/v2\/pages\/171"}],"wp:featuredmedia":[{"embeddable":true,"href":"https:\/\/bconexlatam.com\/pt\/wp-json\/wp\/v2\/media\/349"}],"wp:attachment":[{"href":"https:\/\/bconexlatam.com\/pt\/wp-json\/wp\/v2\/media?parent=188"}],"curies":[{"name":"wp","href":"https:\/\/api.w.org\/{rel}","templated":true}]}}